{"id":393,"date":"2017-10-17T14:27:59","date_gmt":"2017-10-17T14:27:59","guid":{"rendered":"http:\/\/www.enriqueigoa.com\/prueba\/?page_id=393"},"modified":"2026-01-07T15:37:21","modified_gmt":"2026-01-07T15:37:21","slug":"obras-para-instrumento-a-solo","status":"publish","type":"page","link":"https:\/\/www.enriqueigoa.com\/en\/obras-para-instrumento-a-solo\/","title":{"rendered":"Works for solo instrument"},"content":{"rendered":"<div class=\"wpb-content-wrapper\"><p>[vc_row row_height_percent=\u00bb0&#8243; overlay_alpha=\u00bb50&#8243; gutter_size=\u00bb3&#8243; column_width_percent=\u00bb100&#8243; shift_y=\u00bb0&#8243; z_index=\u00bb0&#8243; uncode_shortcode_id=\u00bb187841&#8243;][vc_column column_width_percent=\u00bb100&#8243; position_vertical=\u00bbmiddle\u00bb align_horizontal=\u00bbalign_center\u00bb gutter_size=\u00bb3&#8243; overlay_alpha=\u00bb50&#8243; shift_x=\u00bb0&#8243; shift_y=\u00bb0&#8243; shift_y_down=\u00bb0&#8243; z_index=\u00bb0&#8243; medium_width=\u00bb0&#8243; mobile_width=\u00bb0&#8243; uncode_shortcode_id=\u00bb879426&#8243;][vc_column_text uncode_shortcode_id=\u00bb183185&#8243;]<\/p>\n<p style=\"text-align: center;\"><em>Imagen: partitura OP.22a\u00a0ESTUDIO VI<\/em><\/p>\n<p>&nbsp;<\/p>\n<div style=\"line-height: 140%; text-align: justify;\"><\/div>\n<p>[\/vc_column_text][vc_row_inner][vc_column_inner width=\u00bb1\/3&#8243;][vc_column_text uncode_shortcode_id=\u00bb132455&#8243;]<\/p>\n<h4><span style=\"color: #bf2424;\">Piano<\/span><\/h4>\n<p>OP.1\u00a0\u00a0 <strong>ESTUDIO I <\/strong>\u00a0\u00a0Piano\u00a0 (Madrid, 1976; Revision: 2023 &#8211; 24)<\/p>\n<p><span style=\"color: #000000;\"><em>Lasting time: <strong>5<\/strong><strong>\u2019 42\u2019\u2019<br \/>\n<\/strong>First performance: E. Igoa &#8211; Sal\u00f3n de Actos de las Hermandades del Trabajo de \u00a0Madrid &#8211; 23.10.1976<\/em><\/span><\/p>\n<p><span style=\"color: #222222;\">&#8230;&#8230;&#8230;&#8230;&#8230;&#8230;&#8230;&#8230;&#8230;&#8230;&#8230;&#8230;&#8230;&#8230;&#8230;&#8230;.<\/span><\/p>\n<p>OP.3\u00a0 <strong>TRES INVENCIONES<\/strong>\u00a0 Piano\u00a0 (Madrid, 1979; Revision: 2024)<\/p>\n<p><span style=\"color: #222222;\"><em>Lasting time: <strong>3\u2019 40\u2019\u2019<br \/>\n<\/strong><a class=\"cursor-init\" href=\"https:\/\/www.enriqueigoa.com\/archivos\/IMSLP993964-PMLP1551105-IGOA,_E._-_Tres_invenciones_op._3.pdf\" target=\"_blank\" rel=\"noopener\">Edition<\/a><strong><br \/>\n<\/strong><\/em><\/span><\/p>\n<p><span style=\"color: #222222;\">&#8230;&#8230;&#8230;&#8230;&#8230;&#8230;&#8230;&#8230;&#8230;&#8230;&#8230;&#8230;&#8230;&#8230;&#8230;&#8230;.<\/span><\/p>\n<p>OP.5\u00a0\u00a0 <strong>ESTUDIO II\u00a0 <\/strong>Piano\u00a0 (Madrid, 1980)<\/p>\n<p><span style=\"color: #222222;\"><em>Lasting time: <\/em><strong>6\u2019 21\u2019\u2019<br \/>\n<\/strong><em>First performance: F. Pariente \u2013 Real Conservatorio Superior de M\u00fasica de Madrid \u2013<\/em><\/span><em><span style=\"color: #222222;\">10.2.1992<\/span><br \/>\n<\/em><span style=\"color: #bf2424;\"><a href=\"http:\/\/www.edquiroga.es\/index.php\/es\/venta-de-obras\/papel\/estudio-ii-op-5-detail.html\" target=\"_blank\" rel=\"noopener noreferrer\"><em>Edition: Editorial de M\u00fasica Espa\u00f1ola Contempor\u00e1nea (1995)<br \/>\n<\/em><\/a><a href=\"https:\/\/open.spotify.com\/track\/0rflMIKQ1GzF11rJYLZHZH\" target=\"_blank\" rel=\"noopener noreferrer\"><em>Recording: CD \u201cDifferent Perceptions\u201d- Rub\u00e9n Yessay\u00e1n\u00a0 (2006)<\/em><\/a><\/span>[\/vc_column_text][vc_single_image media=\u00bb1081&#8243; media_width_percent=\u00bb100&#8243; uncode_shortcode_id=\u00bb202766&#8243;][vc_single_image media=\u00bb1082&#8243; media_width_percent=\u00bb100&#8243; uncode_shortcode_id=\u00bb786671&#8243;][vc_column_text uncode_shortcode_id=\u00bb118215&#8243;]&#8230;&#8230;&#8230;&#8230;&#8230;&#8230;&#8230;&#8230;&#8230;&#8230;&#8230;&#8230;&#8230;&#8230;&#8230;&#8230;<\/p>\n<p>OP.11\u00a0 <strong>LA VOZ DE<\/strong><strong> UN PIANO<\/strong> <strong>(In memoriam Rosa Sabater)<\/strong> Piano (Madrid, 1983)<\/p>\n<p><span style=\"color: #222222;\"><em>Lasting time: <\/em><strong>3\u2019 30\u2019\u2019<br \/>\n<\/strong><em>First perform.: Adela Gonz\u00e1lez Campa &#8211; Radio 2 de RNE &#8211; 28.1.1984<br \/>\n<\/em><em>Recording: Radio Cl\u00e1sica de RNE<\/em><\/span><\/p>\n<p><span style=\"color: #222222;\"><strong>&#8230;&#8230;&#8230;&#8230;&#8230;&#8230;&#8230;&#8230;&#8230;&#8230;&#8230;&#8230;&#8230;&#8230;..<\/strong><\/span><\/p>\n<p>OP.17\u00a0 <strong>ESTUDIO IV\u00a0<\/strong>Four-hand piano (Le\u00f3n, 1986)<\/p>\n<p><span style=\"color: #222222;\"><em>Lasting time. <\/em><strong>6\u2019 42\u2019\u2019<br \/>\n<\/strong><\/span><em><span style=\"color: #222222;\">First perform.: Elena Garc\u00eda, Isidro Tejedor &#8211; Conserv. de Le\u00f3n &#8211; 15.5.1986<\/span><br \/>\n<span style=\"color: #bf2424;\"><a href=\"http:\/\/www.edquiroga.es\/index.php\/es\/venta-de-obras\/papel\/estudio-iv-in-memoriam-riano-op-17-detail.html\" target=\"_blank\" rel=\"noopener noreferrer\">Edition: Editorial de M\u00fasica Espa\u00f1ola Contempor\u00e1nea (2001)<\/a><\/span><\/em>[\/vc_column_text][vc_single_image media=\u00bb1150&#8243; media_width_percent=\u00bb100&#8243; uncode_shortcode_id=\u00bb733859&#8243;][vc_column_text uncode_shortcode_id=\u00bb131230&#8243;]<strong>&#8230;&#8230;&#8230;&#8230;&#8230;&#8230;&#8230;&#8230;&#8230;&#8230;&#8230;&#8230;&#8230;&#8230;..<\/strong><\/p>\n<p><strong>CUADERNO DE CAMPO<\/strong> Piano (Madrid \u2013 Bari, 2009). Commission of Fundaci\u00f3n M\u00fasica Abierta bound for children with right hemiparesis.<\/p>\n<p><span style=\"color: #000000;\"><em>Lasting time: <strong>19\u2019 40\u2019\u2019<\/strong><\/em><\/span><br \/>\n<span style=\"color: #000000;\"><em>Partial first performances:<\/em><\/span><br \/>\n<span style=\"color: #000000;\"><em>\u201cDanza\u201d, work selected for the Festive Piano Composition Contest in Dallas, Texas (USA), 2018<\/em><\/span><br \/>\n<span style=\"color: #000000;\"><em>First perform.: Dallas, Texas, 22.12.2019 &#8211; Pianist: Felicity Mazur-Park<\/em><\/span><br \/>\n<span style=\"color: #000000;\"><em>\u201cLlueve en silencio\u201d. Presentation of the yearly program of Grupo Cosmos 21 \u2013 Carlos Gal\u00e1n (p.) \u2013 Madrid, Sala Manuel de Falla de la SGAE, 5.10.2021<\/em><\/span>[\/vc_column_text][vc_single_image media=\u00bb1083&#8243; media_width_percent=\u00bb100&#8243; uncode_shortcode_id=\u00bb181293&#8243;][vc_column_text uncode_shortcode_id=\u00bb438201&#8243;]<span style=\"color: #222222;\">&#8230;&#8230;&#8230;&#8230;&#8230;&#8230;&#8230;&#8230;&#8230;&#8230;&#8230;&#8230;&#8230;&#8230;<\/span><\/p>\n<p><strong>DAMUNT DE T\u00da NOM\u00c9S LES FLORS de F. Mompou\u00a0<\/strong>Transcription for solo piano (Madrid, 2013)<\/p>\n<p><span style=\"color: #222222;\"><em>Commission:<\/em> Luis Fernando P\u00e9rez Herrero<\/span><br \/>\n<span style=\"color: #222222;\"> <em>Lasting time: <\/em><strong>4\u2019 41\u2019\u2019<br \/>\n<\/strong><em>First perform.: Luis Fernando P\u00e9rez &#8211; Temporada de la Sociedad <\/em><em>Filarm\u00f3nica Palau de la M\u00fasica \u2013 Valencia\u00a0 31.3.2015<\/em><\/span><\/p>\n<p><span style=\"color: #222222;\">&#8230;&#8230;&#8230;&#8230;&#8230;&#8230;&#8230;&#8230;&#8230;&#8230;&#8230;&#8230;&#8230;&#8230;..<\/span><\/p>\n<p><strong>SONATA DE JUVENTUD <\/strong>Piano (Madrid, 2008; revision of the <em>Balada No. 1 <\/em>of 1972)<\/p>\n<p><span style=\"color: #000000;\"><em>Lasting time: <strong>9\u2019 12\u2019\u2019<br \/>\n<\/strong><a class=\"cursor-init\" href=\"https:\/\/www.enriqueigoa.com\/archivos\/IMSLP997767-PMLP1556700-IGOA,_E._-_Sonata_de_juventud.pdf\" target=\"_blank\" rel=\"noopener\">Edition<\/a><\/em><\/span>[\/vc_column_text][\/vc_column_inner][vc_column_inner width=\u00bb1\/3&#8243;][vc_column_text uncode_shortcode_id=\u00bb111550&#8243;]<\/p>\n<h4><span style=\"color: #bf2424;\">Guitar<\/span><\/h4>\n<p>OP.29\u00a0 <strong>ESTUDIO VII \u201cREGRESO A JAN MAYEN\u201d<\/strong>\u00a0 Guitar (Madrid, 1996)<br \/>\n<strong>1\u00ba Prize <\/strong>in <em>X Composition Competition of Classic Guitar <\/em><em>(La Herradura &#8211; Granada \u2013 January, 1997)<\/em><\/p>\n<p><span style=\"color: #222222;\"><em>Lasting time: <\/em><strong>10\u2019 45\u2019\u2019<br \/>\n<\/strong><\/span><em><span style=\"color: #222222;\">First perform.: Pablo de la Cruz &#8211; Auditorio del Conde Duque &#8211; 24.11.1997<\/span><br \/>\n<\/em><a href=\"http:\/\/www.edquiroga.es\/index.php\/es\/venta-de-obras\/papel\/estudio-vii-regreso-a-jan-mayen-detail.html\" target=\"_blank\" rel=\"noopener noreferrer\"><em><span style=\"color: #bf2424;\">Edition: Editorial de M\u00fasica Espa\u00f1ola Contempor\u00e1nea (1997)<br \/>\n<\/span><\/em><\/a><em><span style=\"color: #222222;\">Recording: Radio Cl\u00e1sica de RNE<\/span><\/em>[\/vc_column_text][vc_single_image media=\u00bb1087&#8243; media_width_percent=\u00bb100&#8243; uncode_shortcode_id=\u00bb146123&#8243;][vc_column_text uncode_shortcode_id=\u00bb296456&#8243;]&#8230;&#8230;&#8230;&#8230;&#8230;&#8230;&#8230;&#8230;&#8230;&#8230;&#8230;&#8230;&#8230;&#8230;.<\/p>\n<p>OP.41 <strong>NOCTURNO DE VILA-REAL <\/strong>Guitar (Madrid, 2002)<\/p>\n<p><span style=\"color: #222222;\"><em>Lasting time: <\/em><strong>5\u2019 30\u2019\u2019<br \/>\n<\/strong><em>Commission: Avelina Vidal<br \/>\n<\/em><em>First perform.: Avelina Vidal &#8211; Conservatorio Profesional Teresa Berganza <\/em><em>de Madrid &#8211; 19.11.2002<\/em><\/span><\/p>\n<p>OP.59 <strong>SILENTIUM <\/strong> Guitar (Madrid, 2021)<br \/>\n<span style=\"color: #222222;\"><em>Lasting time: <\/em><\/span><strong>5\u201924\u2019\u2019<br \/>\n<\/strong><span style=\"color: #222222;\"><em>Commission: Enrique Mu\u00f1oz for a concert-tribute to Jos\u00e9 Luis Rodrigo and Manuel Est\u00e9vez, deceased guitar professors.<\/em><\/span><em><br \/>\n<\/em><em><span style=\"color: #222222;\">First perform: Tribute to Jos\u00e9 Luis Rodrigo and Manuel Est\u00e9vez<\/span>\u2013 Auditorio <\/em><em>Manuel de Falla del Real Conservatorio Superior de M\u00fasica de\u00a0 <\/em><em>Madrid \u2013 Pedro Jes\u00fas G\u00f3mez (guit.) \u2013 12.3.2022.<br \/>\n<\/em><a href=\"http:\/\/www.xn--sociedadespaoladelaguitarra-0uc.com\/index.php\/roseta\/numeros-de-la-revista\/97-roseta-16\" target=\"_blank\" rel=\"noopener noreferrer\"><span style=\"color: #bf2424;\"><em>Edition:<\/em> <em>Revista Roseta n.\u00ba 16 (2021-22). Revista de la Sociedad Espa\u00f1ola<\/em><em>\u00a0de la guitarra, pp. 190-196.<\/em><\/span><\/a><\/p>\n<h4><span style=\"color: #bf2424;\">Others Instruments<\/span><\/h4>\n<p>OP.4 <strong>FOMALHAUT<\/strong> Organ (Madrid, 1980)<br \/>\n<em>Lasting time:<\/em> <strong>12\u2019 07\u2019\u2019<\/strong><br \/>\n<em>First perf.:<\/em> Enrique Igoa (\u00f3rgano) \u2013 Madrid, Iglesia del Cristo de la Victoria \u2013 30.3.1980<br \/>\n<em><a class=\"cursor-init\" href=\"https:\/\/www.enriqueigoa.com\/archivos\/IMSLP1005060-PMLP1566878-IGOA,_E._-_Fomalhaut_op._4_(Cover,_comments_and_score).pdf\" target=\"_blank\" rel=\"noopener\">Edition<\/a><\/em>[\/vc_column_text][vc_single_image media=\u00bb1088&#8243; media_width_percent=\u00bb100&#8243; uncode_shortcode_id=\u00bb210668&#8243;][vc_column_text uncode_shortcode_id=\u00bb131716&#8243;]&#8230;&#8230;&#8230;&#8230;&#8230;&#8230;&#8230;&#8230;&#8230;&#8230;&#8230;&#8230;&#8230;..<\/p>\n<p>OP.8a <strong>IN PARADISUM<\/strong>\u00a0 6-voice choir with organ ad lib. (Boston, 1981)<br \/>\nFinalist in I Composition Competition Krom\u00e1tika 2015 (Spain)<br \/>\n<em>Lasting time:<\/em> <strong>5\u2019 10\u2019\u2019<br \/>\n<\/strong><span style=\"color: #bf2424;\"><a style=\"color: #bf2424;\" href=\"http:\/\/edquiroga.es\/index.php\/es\/venta-de-obras\/papel\/invocationes-tempore-belli-op.-47-in-paradisum-op.-8b-detail.html\" target=\"_blank\" rel=\"noopener noreferrer\"><em>Edition:<\/em> <em>Editorial de M\u00fasica Espa\u00f1ola Contempor\u00e1nea (2020)<\/em><\/a><strong><br \/>\n<\/strong><\/span><\/p>\n<p><span style=\"color: #bf2424;\"><strong>&#8230;&#8230;&#8230;&#8230;&#8230;&#8230;&#8230;&#8230;&#8230;&#8230;&#8230;&#8230;&#8230;&#8230;..<\/strong><\/span><\/p>\n<p><img decoding=\"async\" class=\"size-full wp-image-450 alignleft\" src=\"http:\/\/www.enriqueigoa.com\/wp-content\/uploads\/2017\/10\/op14.jpg\" alt=\"\" width=\"100\" height=\"120\" \/>OP.14\u00a0 <strong>ESTUDIO III \u201cASCENSI\u00d3N\u201d\u00a0 <\/strong>Organ\u00a0 (Madrid, 1984)<br \/>\n<strong>1\u00ba Prize <\/strong>in 3rd Composition Competition of Festival de Musique Sacr\u00e9e de Fribourg (Switzerland)<\/p>\n<p><span style=\"color: #222222;\"><em>Lasting time: <\/em><strong>8\u2019 40\u2019\u2019<br \/>\n<\/strong><em>First perform.: Werner Jacob &#8211; Catedral de St. Nicholas de Fribourg \u2013 <\/em><em>8.7.1990 &#8211; III Festival de Musique Sacr\u00e9e de Fribourg (Switzerland)<br \/>\n<\/em><em>First perform in Spain: Presentaci\u00f3n R\u00edos &#8211; Academia de Bellas Artes <\/em><em>de San Fernando &#8211; II Festival de M\u00fasica COMA\u201900 de la AMCC \u2013 <\/em><em>16.12.2000<br \/>\n<\/em><em><span style=\"color: #bf2424;\"><a style=\"color: #bf2424;\" href=\"http:\/\/edquiroga.es\/index.php\/es\/venta-de-obras\/papel\/estudio-iii-ascensi%C3%B3n-detail.html\" target=\"_blank\" rel=\"noopener noreferrer\">Edition: Editorial de M\u00fasica Espa\u00f1ola Contempor\u00e1nea (2020)<\/a><\/span><br \/>\n<\/em><\/span><em><span style=\"color: #222222;\">Recording: Bayerische Rundfunk N\u00fcrnberg * Radio Cl\u00e1sica de RNE<\/span><br \/>\n<\/em><span style=\"color: #bf2424;\"><a href=\"https:\/\/soundcloud.com\/user-820058208\/igoa-enrique-estudio-iii-ascension-for-organ-1984-excerpt\" target=\"_blank\" rel=\"noopener noreferrer\"><em>Soundcloud<\/em><\/a><\/span><\/p>\n<p><strong>&#8230;&#8230;&#8230;&#8230;&#8230;&#8230;&#8230;&#8230;&#8230;&#8230;&#8230;&#8230;&#8230;&#8230;..<\/strong><\/p>\n<p><img decoding=\"async\" class=\"size-full wp-image-455 alignleft\" src=\"http:\/\/www.enriqueigoa.com\/wp-content\/uploads\/2017\/10\/op20-1.jpg\" alt=\"\" width=\"100\" height=\"80\" \/>OP.20\u00a0 <strong>ESTUDIO V \u201cDENSIDADES\u201d\u00a0<\/strong>Accordion\u00a0 (Madrid, 1989)<\/p>\n<p><em>Lasting time: <\/em><strong>2\u2019 30\u2019\u2019<br \/>\n<\/strong><em>First perform.: Mirem Yosune Ochotorena &#8211; R.C.S.M.M. &#8211; 21.5.1992<br \/>\n<\/em><\/p>\n<p><em><span style=\"color: #bf2424;\"><a href=\"http:\/\/www.edquiroga.es\/index.php\/es\/venta-de-obras\/papel\/estudio-v-densidades-y-estudio-vi-secuencias-detail.html\" target=\"_blank\" rel=\"noopener noreferrer\">Edition: Editorial de M\u00fasica Espa\u00f1ola Contempor\u00e1nea (1999)<\/a><\/span><\/em><\/p>\n<p><em>Recording: TVE<\/em>[\/vc_column_text][vc_single_image media=\u00bb1085&#8243; media_width_percent=\u00bb100&#8243; uncode_shortcode_id=\u00bb178474&#8243;][\/vc_column_inner][vc_column_inner width=\u00bb1\/3&#8243;][vc_column_text uncode_shortcode_id=\u00bb958720&#8243;]<img decoding=\"async\" class=\"size-full wp-image-448 alignleft\" src=\"http:\/\/www.enriqueigoa.com\/wp-content\/uploads\/2017\/10\/op22a-1web.jpg\" alt=\"\" width=\"100\" height=\"80\" \/>OP.22a <strong>ESTUDIO VI \u201cSECUENCIAS\u201d<\/strong><br \/>\nHarmonica\u00a0 (Madrid, 1992)<\/p>\n<p><span style=\"color: #555555;\"><em>L<span style=\"color: #222222;\">asting time: <\/span><\/em><span style=\"color: #222222;\"><strong>8\u2019 40\u2019\u2019<br \/>\n<\/strong><em>Commission: Antonio Serrano<br \/>\n<\/em><em>First perform.: Antonio Serrano &#8211; Jard\u00edn Bot\u00e1nico de la Casa de la Cultura <\/em><em>de Francia en Bruselas (B\u00e9lgica) &#8211; 3.6.1992<br \/>\n<\/em><em>First perform. in Spain: Antonio Serrano &#8211; Real Conservatorio Superior <\/em><em>de M\u00fasica de Madrid &#8211; 24.5.1993<br \/>\n<\/em><em>Recording: Radio Cl\u00e1sica de RNE<br \/>\n<a class=\"cursor-init\" href=\"https:\/\/www.enriqueigoa.com\/archivos\/IMSLP996634-PMLP1554891-Op22a_Estudio_VI_(partitura_-_score).pdf\" target=\"_blank\" rel=\"noopener\">Edition<\/a><br \/>\n<\/em><\/span><\/span>[\/vc_column_text][vc_single_image media=\u00bb1091&#8243; media_width_percent=\u00bb100&#8243; uncode_shortcode_id=\u00bb202387&#8243;][vc_column_text uncode_shortcode_id=\u00bb675927&#8243;]<span style=\"color: #555555;\">&#8230;&#8230;&#8230;&#8230;&#8230;&#8230;&#8230;&#8230;&#8230;&#8230;&#8230;&#8230;&#8230;&#8230;.<\/span><\/p>\n<p><img decoding=\"async\" class=\"size-full wp-image-452 alignleft\" src=\"http:\/\/www.enriqueigoa.com\/wp-content\/uploads\/2017\/10\/op22c.jpg\" alt=\"\" width=\"100\" height=\"80\" \/>OP.22c <strong>ESTUDIO VI \u201cSECUENCIAS\u201d<br \/>\n<\/strong>Accordion (Madrid, 1996)<\/p>\n<p><em>Lasting time: <\/em><strong>8\u2019 44\u2019\u2019<br \/>\n<\/strong><em><span style=\"color: #555555;\">First perform.: \u00c1ngel Luis Casta\u00f1o &#8211; Teatro Pradillo, Madrid &#8211; 14.4.1997<\/span><br \/>\n<\/em><span style=\"color: #bf2424;\"><em><a href=\"http:\/\/www.edquiroga.es\/index.php\/es\/venta-de-obras\/papel\/estudio-v-densidades-y-estudio-vi-secuencias-detail.html\" target=\"_blank\" rel=\"noopener noreferrer\">Edition: Editorial de M\u00fasica Espa\u00f1ola Contempor\u00e1nea (1999)<\/a><br \/>\n<\/em><a href=\"http:\/\/www.alcastano.com\/\" target=\"_blank\" rel=\"noopener noreferrer\"><em>Recording: CD Spanish Music for Solo Accordion (Vol.2)<\/em><\/a><br \/>\n<\/span><span style=\"color: #bf2424;\"><a href=\"https:\/\/soundcloud.com\/user-820058208\/igoa-enrique-estudio-vi-secuencias-for-accordion-1996-excerpt\" target=\"_blank\" rel=\"noopener noreferrer\"><em>Soundcloud<\/em><\/a><\/span>[\/vc_column_text][vc_single_image media=\u00bb1090&#8243; media_width_percent=\u00bb100&#8243; uncode_shortcode_id=\u00bb207253&#8243;][vc_column_text uncode_shortcode_id=\u00bb826665&#8243;]&#8230;&#8230;&#8230;&#8230;&#8230;&#8230;&#8230;&#8230;&#8230;&#8230;&#8230;&#8230;&#8230;..<\/p>\n<p>OP.23b <strong>CADENZA<\/strong> Viol\u00edn solo (Madrid, 2015)<br \/>\nDigressio de Trans-egredi op. 23a<\/p>\n<p><span style=\"color: #000000;\"><em>Lasting time: <strong>2\u2019 30\u2019\u2019<\/strong><\/em><\/span><br \/>\n<span style=\"color: #000000;\"><em>First perform.: Manuel Guill\u00e9n (vl.) \u2013 Concierto de estrenos para viol\u00edn solo \u2013 Auditorio Manuel de Falla \u2013 Real Conservatorio Superior de M\u00fasica de Madrid \u2013 23.10.2025<\/em><\/span><\/p>\n<p>&#8230;&#8230;&#8230;&#8230;&#8230;&#8230;&#8230;&#8230;&#8230;&#8230;&#8230;&#8230;&#8230;&#8230;..<\/p>\n<p>OP.43 <strong>MON\u00d3LOGO\u00a0<\/strong>Harp (Madrid, 2004)<\/p>\n<p><span style=\"color: #222222;\"><em>Lasting time: <\/em><strong>7\u2019 20\u2019\u2019<br \/>\n<\/strong><em>Commission: Mar\u00eda Rosa Calvo Manzano<br \/>\n<\/em><em>First perform.: Mar\u00eda Rosa Calvo-Manzano \u2013 Auditorio del Centro Cultural <\/em><em>Conde Duque (Madrid) \u2013 21.1.2008<\/em><\/span><\/p>\n<p><span style=\"color: #555555;\">\u00a0&#8230;&#8230;&#8230;&#8230;&#8230;&#8230;&#8230;&#8230;&#8230;&#8230;&#8230;&#8230;&#8230;&#8230;..<\/span><\/p>\n<p>OP.47 <strong>INVOCATIONES TEMPORE BELLI\u00a0<\/strong>Organ (Madrid, 2004)<br \/>\n<strong>Honorable mention<\/strong> of Concours de Composition pour Orgue de la Ville de Nice 2005 (France)<\/p>\n<p><span style=\"color: #222222;\"><em>Lasting time: <\/em><strong>9\u2019 42\u2019\u2019<br \/>\n<\/strong><\/span><span style=\"color: #222222;\"><em>First perform<\/em><\/span>: <em>Ra\u00fal del Toro \u2013 Iglesia de Santa Mar\u00eda la Antigua \u2013 <\/em><em>Vic\u00e1lvaro (Madrid) \u2013 Festival de \u00d3rgano de Vic\u00e1lvaro<br \/>\n<span style=\"color: #bf2424;\"><a style=\"color: #bf2424;\" href=\"http:\/\/edquiroga.es\/index.php\/es\/venta-de-obras\/papel\/invocationes-tempore-belli-op.-47-in-paradisum-op.-8b-detail.html\" target=\"_blank\" rel=\"noopener noreferrer\">Edition: Editorial de M\u00fasica Espa\u00f1ola Contempor\u00e1nea (2020)<\/a><\/span><\/em><\/p>\n<p><span style=\"color: #222222;\">&#8230;&#8230;&#8230;&#8230;&#8230;&#8230;&#8230;&#8230;&#8230;&#8230;&#8230;&#8230;&#8230;&#8230;..<\/span><\/p>\n<p>OP.52 <strong>TRAZOS\u00a0<\/strong>Violin solo (Madrid, september 2014)<\/p>\n<p><span style=\"color: #222222;\"><em>Lasting time: <\/em><strong>2\u2019 03\u2019\u2019<br \/>\n<\/strong><em>Commission: AMCC for a pedagogical album<\/em><\/span><\/p>\n<p>[\/vc_column_text][\/vc_column_inner][\/vc_row_inner][\/vc_column][\/vc_row]<\/p>\n<\/div>","protected":false},"excerpt":{"rendered":"<p>[vc_row row_height_percent=\u00bb0&#8243; overlay_alpha=\u00bb50&#8243; gutter_size=\u00bb3&#8243; column_width_percent=\u00bb100&#8243; shift_y=\u00bb0&#8243; z_index=\u00bb0&#8243; uncode_shortcode_id=\u00bb187841&#8243;][vc_column column_width_percent=\u00bb100&#8243; position_vertical=\u00bbmiddle\u00bb align_horizontal=\u00bbalign_center\u00bb gutter_size=\u00bb3&#8243; overlay_alpha=\u00bb50&#8243; shift_x=\u00bb0&#8243; shift_y=\u00bb0&#8243; shift_y_down=\u00bb0&#8243; z_index=\u00bb0&#8243; medium_width=\u00bb0&#8243; mobile_width=\u00bb0&#8243; uncode_shortcode_id=\u00bb879426&#8243;][vc_column_text [&hellip;]<\/p>\n","protected":false},"author":1,"featured_media":431,"parent":0,"menu_order":0,"comment_status":"closed","ping_status":"closed","template":"","meta":{"footnotes":""},"class_list":["post-393","page","type-page","status-publish","has-post-thumbnail","hentry"],"yoast_head":"<!-- This site is optimized with the Yoast SEO plugin v26.7 - https:\/\/yoast.com\/wordpress\/plugins\/seo\/ -->\n<title>Works for solo instrument - Enrique Igoa. Composer and teacher<\/title>\n<meta name=\"robots\" content=\"index, follow, max-snippet:-1, max-image-preview:large, max-video-preview:-1\" \/>\n<link rel=\"canonical\" href=\"https:\/\/www.enriqueigoa.com\/en\/obras-para-instrumento-a-solo\/\" \/>\n<meta property=\"og:locale\" content=\"es_ES\" \/>\n<meta property=\"og:type\" content=\"article\" \/>\n<meta property=\"og:title\" content=\"Works for solo instrument - Enrique Igoa. Composer and teacher\" \/>\n<meta property=\"og:description\" content=\"[vc_row row_height_percent=\u00bb0&#8243; overlay_alpha=\u00bb50&#8243; gutter_size=\u00bb3&#8243; column_width_percent=\u00bb100&#8243; shift_y=\u00bb0&#8243; z_index=\u00bb0&#8243; uncode_shortcode_id=\u00bb187841&#8243;][vc_column column_width_percent=\u00bb100&#8243; position_vertical=\u00bbmiddle\u00bb align_horizontal=\u00bbalign_center\u00bb gutter_size=\u00bb3&#8243; overlay_alpha=\u00bb50&#8243; shift_x=\u00bb0&#8243; shift_y=\u00bb0&#8243; shift_y_down=\u00bb0&#8243; z_index=\u00bb0&#8243; medium_width=\u00bb0&#8243; mobile_width=\u00bb0&#8243; uncode_shortcode_id=\u00bb879426&#8243;][vc_column_text [&hellip;]\" \/>\n<meta property=\"og:url\" content=\"https:\/\/www.enriqueigoa.com\/en\/obras-para-instrumento-a-solo\/\" \/>\n<meta property=\"og:site_name\" content=\"Enrique Igoa. Composer and teacher\" \/>\n<meta property=\"article:modified_time\" content=\"2026-01-07T15:37:21+00:00\" \/>\n<meta property=\"og:image\" content=\"https:\/\/www.enriqueigoa.com\/en\/wp-content\/uploads\/2017\/10\/cabecera_estudio_6.jpg\" \/>\n\t<meta property=\"og:image:width\" content=\"2000\" \/>\n\t<meta property=\"og:image:height\" content=\"1093\" \/>\n\t<meta property=\"og:image:type\" content=\"image\/jpeg\" \/>\n<meta name=\"twitter:card\" content=\"summary_large_image\" \/>\n<meta name=\"twitter:label1\" content=\"Tiempo de lectura\" \/>\n\t<meta name=\"twitter:data1\" content=\"5 minutos\" \/>\n<script type=\"application\/ld+json\" class=\"yoast-schema-graph\">{\"@context\":\"https:\/\/schema.org\",\"@graph\":[{\"@type\":\"WebPage\",\"@id\":\"https:\/\/www.enriqueigoa.com\/en\/obras-para-instrumento-a-solo\/\",\"url\":\"https:\/\/www.enriqueigoa.com\/en\/obras-para-instrumento-a-solo\/\",\"name\":\"Works for solo instrument - Enrique Igoa. Composer and teacher\",\"isPartOf\":{\"@id\":\"https:\/\/www.enriqueigoa.com\/en\/#website\"},\"primaryImageOfPage\":{\"@id\":\"https:\/\/www.enriqueigoa.com\/en\/obras-para-instrumento-a-solo\/#primaryimage\"},\"image\":{\"@id\":\"https:\/\/www.enriqueigoa.com\/en\/obras-para-instrumento-a-solo\/#primaryimage\"},\"thumbnailUrl\":\"https:\/\/www.enriqueigoa.com\/en\/wp-content\/uploads\/2017\/10\/cabecera_estudio_6.jpg\",\"datePublished\":\"2017-10-17T14:27:59+00:00\",\"dateModified\":\"2026-01-07T15:37:21+00:00\",\"breadcrumb\":{\"@id\":\"https:\/\/www.enriqueigoa.com\/en\/obras-para-instrumento-a-solo\/#breadcrumb\"},\"inLanguage\":\"es\",\"potentialAction\":[{\"@type\":\"ReadAction\",\"target\":[\"https:\/\/www.enriqueigoa.com\/en\/obras-para-instrumento-a-solo\/\"]}]},{\"@type\":\"ImageObject\",\"inLanguage\":\"es\",\"@id\":\"https:\/\/www.enriqueigoa.com\/en\/obras-para-instrumento-a-solo\/#primaryimage\",\"url\":\"https:\/\/www.enriqueigoa.com\/en\/wp-content\/uploads\/2017\/10\/cabecera_estudio_6.jpg\",\"contentUrl\":\"https:\/\/www.enriqueigoa.com\/en\/wp-content\/uploads\/2017\/10\/cabecera_estudio_6.jpg\",\"width\":2000,\"height\":1093},{\"@type\":\"BreadcrumbList\",\"@id\":\"https:\/\/www.enriqueigoa.com\/en\/obras-para-instrumento-a-solo\/#breadcrumb\",\"itemListElement\":[{\"@type\":\"ListItem\",\"position\":1,\"name\":\"Portada\",\"item\":\"https:\/\/www.enriqueigoa.com\/en\/\"},{\"@type\":\"ListItem\",\"position\":2,\"name\":\"Works for solo instrument\"}]},{\"@type\":\"WebSite\",\"@id\":\"https:\/\/www.enriqueigoa.com\/en\/#website\",\"url\":\"https:\/\/www.enriqueigoa.com\/en\/\",\"name\":\"Enrique Igoa. Compositor y profesor\",\"description\":\"Composer, Professor of Musical Analysis and Musical researcher\",\"publisher\":{\"@id\":\"https:\/\/www.enriqueigoa.com\/en\/#organization\"},\"potentialAction\":[{\"@type\":\"SearchAction\",\"target\":{\"@type\":\"EntryPoint\",\"urlTemplate\":\"https:\/\/www.enriqueigoa.com\/en\/?s={search_term_string}\"},\"query-input\":{\"@type\":\"PropertyValueSpecification\",\"valueRequired\":true,\"valueName\":\"search_term_string\"}}],\"inLanguage\":\"es\"},{\"@type\":\"Organization\",\"@id\":\"https:\/\/www.enriqueigoa.com\/en\/#organization\",\"name\":\"Enrique Igoa\",\"url\":\"https:\/\/www.enriqueigoa.com\/en\/\",\"logo\":{\"@type\":\"ImageObject\",\"inLanguage\":\"es\",\"@id\":\"https:\/\/www.enriqueigoa.com\/en\/#\/schema\/logo\/image\/\",\"url\":\"https:\/\/www.enriqueigoa.com\/en\/wp-content\/uploads\/2017\/10\/bio0.jpg\",\"contentUrl\":\"https:\/\/www.enriqueigoa.com\/en\/wp-content\/uploads\/2017\/10\/bio0.jpg\",\"width\":400,\"height\":400,\"caption\":\"Enrique Igoa\"},\"image\":{\"@id\":\"https:\/\/www.enriqueigoa.com\/en\/#\/schema\/logo\/image\/\"},\"sameAs\":[\"https:\/\/www.linkedin.com\/in\/enriqueigoa\/?originalSubdomain=es\",\"https:\/\/www.youtube.com\/channel\/UCTHPGgP1YEFhpnnNbbRhrQg\/videos?view=0&amp;amp;amp;amp;sort=p&amp;amp;amp;amp;flow=grid\"]}]}<\/script>\n<!-- \/ Yoast SEO plugin. -->","yoast_head_json":{"title":"Works for solo instrument - Enrique Igoa. Composer and teacher","robots":{"index":"index","follow":"follow","max-snippet":"max-snippet:-1","max-image-preview":"max-image-preview:large","max-video-preview":"max-video-preview:-1"},"canonical":"https:\/\/www.enriqueigoa.com\/en\/obras-para-instrumento-a-solo\/","og_locale":"es_ES","og_type":"article","og_title":"Works for solo instrument - Enrique Igoa. Composer and teacher","og_description":"[vc_row row_height_percent=\u00bb0&#8243; overlay_alpha=\u00bb50&#8243; gutter_size=\u00bb3&#8243; column_width_percent=\u00bb100&#8243; shift_y=\u00bb0&#8243; z_index=\u00bb0&#8243; uncode_shortcode_id=\u00bb187841&#8243;][vc_column column_width_percent=\u00bb100&#8243; position_vertical=\u00bbmiddle\u00bb align_horizontal=\u00bbalign_center\u00bb gutter_size=\u00bb3&#8243; overlay_alpha=\u00bb50&#8243; shift_x=\u00bb0&#8243; shift_y=\u00bb0&#8243; shift_y_down=\u00bb0&#8243; z_index=\u00bb0&#8243; medium_width=\u00bb0&#8243; mobile_width=\u00bb0&#8243; uncode_shortcode_id=\u00bb879426&#8243;][vc_column_text [&hellip;]","og_url":"https:\/\/www.enriqueigoa.com\/en\/obras-para-instrumento-a-solo\/","og_site_name":"Enrique Igoa. Composer and teacher","article_modified_time":"2026-01-07T15:37:21+00:00","og_image":[{"width":2000,"height":1093,"url":"https:\/\/www.enriqueigoa.com\/en\/wp-content\/uploads\/2017\/10\/cabecera_estudio_6.jpg","type":"image\/jpeg"}],"twitter_card":"summary_large_image","twitter_misc":{"Tiempo de lectura":"5 minutos"},"schema":{"@context":"https:\/\/schema.org","@graph":[{"@type":"WebPage","@id":"https:\/\/www.enriqueigoa.com\/en\/obras-para-instrumento-a-solo\/","url":"https:\/\/www.enriqueigoa.com\/en\/obras-para-instrumento-a-solo\/","name":"Works for solo instrument - Enrique Igoa. Composer and teacher","isPartOf":{"@id":"https:\/\/www.enriqueigoa.com\/en\/#website"},"primaryImageOfPage":{"@id":"https:\/\/www.enriqueigoa.com\/en\/obras-para-instrumento-a-solo\/#primaryimage"},"image":{"@id":"https:\/\/www.enriqueigoa.com\/en\/obras-para-instrumento-a-solo\/#primaryimage"},"thumbnailUrl":"https:\/\/www.enriqueigoa.com\/en\/wp-content\/uploads\/2017\/10\/cabecera_estudio_6.jpg","datePublished":"2017-10-17T14:27:59+00:00","dateModified":"2026-01-07T15:37:21+00:00","breadcrumb":{"@id":"https:\/\/www.enriqueigoa.com\/en\/obras-para-instrumento-a-solo\/#breadcrumb"},"inLanguage":"es","potentialAction":[{"@type":"ReadAction","target":["https:\/\/www.enriqueigoa.com\/en\/obras-para-instrumento-a-solo\/"]}]},{"@type":"ImageObject","inLanguage":"es","@id":"https:\/\/www.enriqueigoa.com\/en\/obras-para-instrumento-a-solo\/#primaryimage","url":"https:\/\/www.enriqueigoa.com\/en\/wp-content\/uploads\/2017\/10\/cabecera_estudio_6.jpg","contentUrl":"https:\/\/www.enriqueigoa.com\/en\/wp-content\/uploads\/2017\/10\/cabecera_estudio_6.jpg","width":2000,"height":1093},{"@type":"BreadcrumbList","@id":"https:\/\/www.enriqueigoa.com\/en\/obras-para-instrumento-a-solo\/#breadcrumb","itemListElement":[{"@type":"ListItem","position":1,"name":"Portada","item":"https:\/\/www.enriqueigoa.com\/en\/"},{"@type":"ListItem","position":2,"name":"Works for solo instrument"}]},{"@type":"WebSite","@id":"https:\/\/www.enriqueigoa.com\/en\/#website","url":"https:\/\/www.enriqueigoa.com\/en\/","name":"Enrique Igoa. Compositor y profesor","description":"Composer, Professor of Musical Analysis and Musical researcher","publisher":{"@id":"https:\/\/www.enriqueigoa.com\/en\/#organization"},"potentialAction":[{"@type":"SearchAction","target":{"@type":"EntryPoint","urlTemplate":"https:\/\/www.enriqueigoa.com\/en\/?s={search_term_string}"},"query-input":{"@type":"PropertyValueSpecification","valueRequired":true,"valueName":"search_term_string"}}],"inLanguage":"es"},{"@type":"Organization","@id":"https:\/\/www.enriqueigoa.com\/en\/#organization","name":"Enrique Igoa","url":"https:\/\/www.enriqueigoa.com\/en\/","logo":{"@type":"ImageObject","inLanguage":"es","@id":"https:\/\/www.enriqueigoa.com\/en\/#\/schema\/logo\/image\/","url":"https:\/\/www.enriqueigoa.com\/en\/wp-content\/uploads\/2017\/10\/bio0.jpg","contentUrl":"https:\/\/www.enriqueigoa.com\/en\/wp-content\/uploads\/2017\/10\/bio0.jpg","width":400,"height":400,"caption":"Enrique Igoa"},"image":{"@id":"https:\/\/www.enriqueigoa.com\/en\/#\/schema\/logo\/image\/"},"sameAs":["https:\/\/www.linkedin.com\/in\/enriqueigoa\/?originalSubdomain=es","https:\/\/www.youtube.com\/channel\/UCTHPGgP1YEFhpnnNbbRhrQg\/videos?view=0&amp;amp;amp;amp;sort=p&amp;amp;amp;amp;flow=grid"]}]}},"_links":{"self":[{"href":"https:\/\/www.enriqueigoa.com\/en\/wp-json\/wp\/v2\/pages\/393","targetHints":{"allow":["GET"]}}],"collection":[{"href":"https:\/\/www.enriqueigoa.com\/en\/wp-json\/wp\/v2\/pages"}],"about":[{"href":"https:\/\/www.enriqueigoa.com\/en\/wp-json\/wp\/v2\/types\/page"}],"author":[{"embeddable":true,"href":"https:\/\/www.enriqueigoa.com\/en\/wp-json\/wp\/v2\/users\/1"}],"replies":[{"embeddable":true,"href":"https:\/\/www.enriqueigoa.com\/en\/wp-json\/wp\/v2\/comments?post=393"}],"version-history":[{"count":59,"href":"https:\/\/www.enriqueigoa.com\/en\/wp-json\/wp\/v2\/pages\/393\/revisions"}],"predecessor-version":[{"id":1154,"href":"https:\/\/www.enriqueigoa.com\/en\/wp-json\/wp\/v2\/pages\/393\/revisions\/1154"}],"wp:featuredmedia":[{"embeddable":true,"href":"https:\/\/www.enriqueigoa.com\/en\/wp-json\/wp\/v2\/media\/431"}],"wp:attachment":[{"href":"https:\/\/www.enriqueigoa.com\/en\/wp-json\/wp\/v2\/media?parent=393"}],"curies":[{"name":"wp","href":"https:\/\/api.w.org\/{rel}","templated":true}]}}